{"id":23,"date":"2024-11-05T13:41:00","date_gmt":"2024-11-05T13:41:00","guid":{"rendered":"https:\/\/www.proex.ufpb.br\/nuppo\/?page_id=23"},"modified":"2025-02-08T19:01:02","modified_gmt":"2025-02-08T19:01:02","slug":"historico","status":"publish","type":"page","link":"https:\/\/www.proex.ufpb.br\/nuppo\/historico\/","title":{"rendered":"Hist\u00f3rico"},"content":{"rendered":"\n<p>O N\u00facleo de Pesquisa e Documenta\u00e7\u00e3o da Cultura Popular &#8211; NUPPO \u00e9 um setor da Coordena\u00e7\u00e3o de Extens\u00e3o Cultural &#8211; COEX vinculado \u00e0 Pr\u00f3-Reitoria de Extens\u00e3o e Assuntos Comunit\u00e1rios &#8211; PRAC da Universidade Federal da Para\u00edba &#8211; UFPB, regulamentado&nbsp;pela Resolu\u00e7\u00e3o N\u00ba 06\/80 do Conselho Superior de Ensino, Pesquisa e Extens\u00e3o da Universidade Federal da Para\u00edba, considerando no que consta na resolu\u00e7\u00e3o N\u00ba 15\/79 do CONSEPE.<\/p>\n\n\n\n<p>Criado no ano de 1978, n\u00e3o h\u00e1 um consenso sobre o dia e m\u00eas da sua funda\u00e7\u00e3o, por\u00e9m, por converg\u00eancia com o objetivo do N\u00facleo, adotou-se o Dia do Folclore, comemorado em 22 de agosto, como sua comemora\u00e7\u00e3o. O setor surgiu com a finalidade de preservar a pesquisa e documenta\u00e7\u00e3o da cultura popular regional e nacional. Inicialmente o espa\u00e7o ficava localizado em um pr\u00e9dio no centro da cidade de Jo\u00e3o Pessoa, na Avenida Visconde de Pelotas. Neste ambiente eram realizadas exposi\u00e7\u00f5es tem\u00e1ticas, apresenta\u00e7\u00f5es de dan\u00e7as folcl\u00f3ricas, artesanatos, teatro de bonecos, entre outras atividades. Todas estas eram organizadas pelo pr\u00f3prio N\u00facleo como meio de fomentar a cultura popular. Localizado no ponto central da Capital e por se encontrar em uma \u00e1rea de grande movimento, o NUPPO recebia visitas constantes da comunidade local e principalmente de estudantes de col\u00e9gios dos arredores, que compartilhavam juntos, o acesso ao saber da cultura.<\/p>\n\n\n\n<p>Em 1999, por quest\u00f5es administrativas, o pr\u00e9dio em que o N\u00facleo encontrava-se, precisou ser desocupado. Com isto, todas as atividades presentes neste local foram realocadas. Foi assim, que o N\u00facleo de Pesquisa e Documenta\u00e7\u00e3o da Cultura Popular, 20 anos depois de sua cria\u00e7\u00e3o, recome\u00e7ou suas atividades na mesma \u00e1rea da Universidade Federal da Para\u00edba, no pr\u00e9dio da&nbsp; Reitoria.<\/p>\n\n\n\n<p>Atualmente o Nuppo \u00e9 coordenado pela Prof\u00aa Luciana Eleonora de Freitas Calado Deplagne e continua sendo um ambiente vital de preserva\u00e7\u00e3o e fomento da cultura. Realizando em seu espa\u00e7o exposi\u00e7\u00f5es tem\u00e1ticas e tempor\u00e1rias, al\u00e9m de abrigar sala de audiovisual que cont\u00e9m&nbsp;\u2018\u2019o arquivo documental [&#8230;] com mais de dois mil testemunhos: documentos e entrevistas textuais, 1730 registros iconogr\u00e1ficos (fotos, slides, fitas v\u00eddeos e DVDs) e 514 itens sonoros, entre fitas magn\u00e9ticas, discos em vinil, CDs\u2019\u2019&nbsp;e biblioteca onde s\u00e3o disponibilizadas para consulta local&nbsp;\u2018\u2019cole\u00e7\u00e3o em torno de 1200 t\u00edtulos entre livros, revistas, anais, boletins, monografias, disserta\u00e7\u00f5es e teses dos quais \u2153 versa sobre a tradi\u00e7\u00e3o oral nordestina\u2019\u2019.&nbsp;E ainda conta no local com um museu aberto a visita\u00e7\u00f5es di\u00e1rias, composto por um acervo permanente, &#8220;cuja cole\u00e7\u00e3o completa soma 1117 pe\u00e7as artesanais: 658 utilit\u00e1rias (brinquedos, trabalho, lamparinas, cozinha, religi\u00e3o, instrumentos musicais e adere\u00e7os c\u00eanicos), 249 pe\u00e7as decorativas (em cer\u00e2mica, madeira, metal, fibras e recicl\u00e1veis) 200 folhetos de cordel\u2019\u2019&nbsp;constru\u00eddo por contribui\u00e7\u00f5es de doa\u00e7\u00f5es de docentes, discentes, colaboradores e pesquisadores ao longo de quase 3 d\u00e9cadas.<\/p>\n\n\n\n<p>O NUPPO tamb\u00e9m descentraliza as suas atividades da capital, atuando em mais de 10 munic\u00edpios do estado da Para\u00edba, entre eles Alagoa Grande, Bananeiras, Campina Grande e Picu\u00ed, oferecendo oficinas de artesanatos visitando a \u00e0 especializa\u00e7\u00e3o da m\u00e3o de obra nestas localidades. S\u00e3o oferecidos diversos cursos, como:&nbsp;pintura, corte e costura, tric\u00f4, croch\u00ea e tecelagem.<\/p>\n","protected":false},"excerpt":{"rendered":"<p>O N\u00facleo de Pesquisa e Documenta\u00e7\u00e3o da Cultura Popular &#8211; NUPPO \u00e9 um setor da Coordena\u00e7\u00e3o de Extens\u00e3o Cultural &#8211; COEX vinculado \u00e0 Pr\u00f3-Reitoria de Extens\u00e3o e Assuntos Comunit\u00e1rios &#8211; PRAC da Universidade Federal da Para\u00edba &#8211; UFPB, regulamentado&nbsp;pela Resolu\u00e7\u00e3o N\u00ba 06\/80 do Conselho Superior de Ensino, Pesquisa e Extens\u00e3o da Universidade Federal da Para\u00edba, [&hellip;]<\/p>\n","protected":false},"author":47,"featured_media":0,"parent":0,"menu_order":0,"comment_status":"closed","ping_status":"closed","template":"","meta":{"footnotes":""},"class_list":["post-23","page","type-page","status-publish","hentry"],"_links":{"self":[{"href":"https:\/\/www.proex.ufpb.br\/nuppo\/wp-json\/wp\/v2\/pages\/23","targetHints":{"allow":["GET"]}}],"collection":[{"href":"https:\/\/www.proex.ufpb.br\/nuppo\/wp-json\/wp\/v2\/pages"}],"about":[{"href":"https:\/\/www.proex.ufpb.br\/nuppo\/wp-json\/wp\/v2\/types\/page"}],"author":[{"embeddable":true,"href":"https:\/\/www.proex.ufpb.br\/nuppo\/wp-json\/wp\/v2\/users\/47"}],"replies":[{"embeddable":true,"href":"https:\/\/www.proex.ufpb.br\/nuppo\/wp-json\/wp\/v2\/comments?post=23"}],"version-history":[{"count":2,"href":"https:\/\/www.proex.ufpb.br\/nuppo\/wp-json\/wp\/v2\/pages\/23\/revisions"}],"predecessor-version":[{"id":77,"href":"https:\/\/www.proex.ufpb.br\/nuppo\/wp-json\/wp\/v2\/pages\/23\/revisions\/77"}],"wp:attachment":[{"href":"https:\/\/www.proex.ufpb.br\/nuppo\/wp-json\/wp\/v2\/media?parent=23"}],"curies":[{"name":"wp","href":"https:\/\/api.w.org\/{rel}","templated":true}]}}